{"id":64436,"date":"2024-11-28T16:20:46","date_gmt":"2024-11-28T15:20:46","guid":{"rendered":"https:\/\/www.hamburg.empack-messen.de\/exhibitor\/prodinger-organisation-gmbhco-kg\/"},"modified":"2025-05-07T13:03:30","modified_gmt":"2025-05-07T11:03:30","slug":"prodinger-verpackung-gmbhco-kg","status":"publish","type":"exhibitor","link":"https:\/\/www.hamburg.empack-messen.de\/de\/exhibitor\/prodinger-verpackung-gmbhco-kg\/","title":{"rendered":"PRODINGER Verpackung GmbH&#038;Co.KG"},"content":{"rendered":"<p>PRODINGER Gruppe<br \/>\nAls 100-j\u00e4hriges Handelshaus mit Hauptsitz im oberfr\u00e4nkischen Coburg ist die PRODINGER Gruppe heute in mehreren Segmenten erfolgreich: Im Segment der PRODINGER Verpackung sind wir deutschlandweit der gr\u00f6\u00dfte Fachgro\u00dfh\u00e4ndler f\u00fcr Transportverpackungen und Verpackungsl\u00f6sungen. Im Segment von Lorentzen &#038; Sievers bieten wir clevere, funktionale und innovative Verpackungen f\u00fcr Lebensmittel. Und im Segment der Produktiv Handel bauen wir ein neues Standbein auf, das online agiert und den B2C-Sektor bedient. Wir alle zusammen erkennen und entwickeln Chancen, damit im Gesamtpaket mit Sicherheit die optimale L\u00f6sung f\u00fcr unsere Kunden entsteht.<\/p>\n<p>Key Facts PRODINGER Gruppe<br \/>\n\u2022\t570 Mitarbeiter<br \/>\n\u2022\t50 Auszubildende<br \/>\n\u2022\t250 Mio. Euro Umsatz<br \/>\n\u2022\t14 Logistikstandorte deutschlandweit<br \/>\n\u2022\t350.000 Versandpositionen\/Jahr<br \/>\nwww.prodinger.de<\/p>\n<p>\u00dcber die PRODINGER Verpackung: Ihr Fachgro\u00dfhandel f\u00fcr Transportverpackung<br \/>\nUnsere hohe Beratungskompetenz zeichnet uns ebenso wie unsere flexible Vielfalt aus: Neben dem Standard (gro\u00dfes Lagersortiment, schnelle Verf\u00fcgbarkeit) realisieren wir individuelle Verpackungsl\u00f6sungen sowie ma\u00dfgeschneiderte L\u00f6sungskonzepte. Unsere Vielfalt erm\u00f6glicht es uns, maximal individuell auf unsere Kunden einzugehen, um stets das f\u00fcr ihn richtige Gesamtpaket zu formen. Das bieten in dieser Bandbreite nur wir.<\/p>\n<p>Produkt- und Leistungsbereiche:<br \/>\n\u2022\tVerpackungsberatung &#038; -analyse<br \/>\n\u2022\tVerpackungsentwicklung<br \/>\n\u2022\tPackmittel<br \/>\n\u2022\tVerpackungstechnik &#038; Versandausstattung<br \/>\n\u2022\tFood-Packaging<br \/>\n\u2022\tBetriebshygiene &#038; Waschraum<br \/>\n\u2022\tRundumsorglos-Pakete<\/p>\n<p>Ihre Vorteile:<br \/>\n\u2022\t70 Ansprechpartner im Au\u00dfendienst<br \/>\n\u2022\t250 Fachansprechpartner im Innendienst<br \/>\n\u2022\t8.000 Lagerartikel<br \/>\n\u2022\t400.000 Paletten\/Jahr Liefervolumen<br \/>\n\u2022\t150.000 Palettenpl\u00e4tze lagernd<br \/>\nwww.prodinger-verpackung.de<\/p>\n<p>\u00dcber Lorentzen &#038; Sievers:<br \/>\nDie Lebensmittelverpackung f\u00fcr Ihren Markterfolg<br \/>\nWir sind Ihr Spezialist f\u00fcr Lebensmittelverpackungen und deutschlandweit einer der f\u00fchrenden Anbieter im Segment der Obst- und Gem\u00fcseverpackungen. Wir bieten Ihnen absatzsteigernde, funktionale und innovative Verpackungen f\u00fcr Ihre Lebensmittel und bringen ein etabliertes internationales Partnernetzwerk mit. Vom traditionellen Handelshaus haben wir uns zum Brandleader entwickelt und verwirklichen f\u00fcr unsere Kunden sowohl ma\u00dfgeschneiderte L\u00f6sungen sowie klassische Standardverpackungen.<\/p>\n<p>Produkt- und Leistungsbereiche:<br \/>\n\u2022\tObst- und Gem\u00fcseverpackungen<br \/>\n\u2022\tVerpackungsdesign<br \/>\n\u2022\tVerpackungsberatung<br \/>\n\u2022\tEinzelhandelsverpackungen<br \/>\n\u2022\tBedarfsgerechte Logistik<\/p>\n<p>Ihre Vorteile:<br \/>\n\u2022\tSpezialist f\u00fcr Lebensmittelverpackungen<br \/>\n\u2022\t100 Jahre Erfahrung \u2013 gegr\u00fcndet 1920<br \/>\n\u2022\tInhouse-Designagentur<br \/>\n\u2022\tFachwissen<br \/>\n\u2022\tStandard- sowie Individualverpackungen<br \/>\nwww.lorentzen-sievers.de<\/p>\n","protected":false},"excerpt":{"rendered":"<p>PRODINGER Gruppe Als 100-j\u00e4hriges Handelshaus mit Hauptsitz im oberfr\u00e4nkischen Coburg ist die PRODINGER Gruppe heute in mehreren Segmenten erfolgreich: Im Segment der PRODINGER Verpackung sind wir deutschlandweit der gr\u00f6\u00dfte Fachgro\u00dfh\u00e4ndler f\u00fcr Transportverpackungen und Verpackungsl\u00f6sungen. Im Segment von Lorentzen &#038; Sievers bieten wir clevere, funktionale und innovative Verpackungen f\u00fcr Lebensmittel. Und im Segment der Produktiv Handel [&hellip;]<\/p>\n","protected":false},"featured_media":0,"template":"","meta":{"_seopress_robots_primary_cat":"","_seopress_titles_title":"","_seopress_titles_desc":"","_seopress_robots_index":"","_api_id":"190722","_stand_number":"444","_partner_id":"1eqrifjhmu0dd","_package_code":"00-EASY-EASYGO3-300","_website":"https:\/\/www.prodinger.de","_email":"marketing@prodinger.de","_facebook":"","_linkedin":"https:\/\/www.linkedin.com\/company\/prodingergruppe\/?utm_source=website&utm_medium=footer-link&utm_campaign=social-media&originalSubdomain=de","_twitter":"","_instagram":"","_zipcode":"96450","_town":"Coburg","_video_banner":"","_floorplan_url":"","footnotes":""},"edition":[473],"country":[93],"exhibitor-category":[490,478,476],"class_list":["post-64436","exhibitor","type-exhibitor","status-publish","hentry","edition-empack-hamburg-2025","country-de","exhibitor-category-primaer-und-sekundaerpackmittel-21726","exhibitor-category-verpackungsdesign-und-entwicklung-21734","exhibitor-category-verpackungsverbrauchsgueter","feature--stand-has-video-header","feature--stand-has-logo-shown"],"_logo":70375,"_cover_image":null,"_thumbnail_id":null,"_products":[{"href":"https:\/\/www.hamburg.empack-messen.de\/de\/wp-json\/wp\/v2\/products\/70353"},{"href":"https:\/\/www.hamburg.empack-messen.de\/de\/wp-json\/wp\/v2\/products\/70355"},{"href":"https:\/\/www.hamburg.empack-messen.de\/de\/wp-json\/wp\/v2\/products\/70347"},{"href":"https:\/\/www.hamburg.empack-messen.de\/de\/wp-json\/wp\/v2\/products\/70349"},{"href":"https:\/\/www.hamburg.empack-messen.de\/de\/wp-json\/wp\/v2\/products\/70351"},{"href":"https:\/\/www.hamburg.empack-messen.de\/de\/wp-json\/wp\/v2\/products\/70343"},{"href":"https:\/\/www.hamburg.empack-messen.de\/de\/wp-json\/wp\/v2\/products\/70345"}],"_news":[{"href":"https:\/\/www.hamburg.empack-messen.de\/de\/wp-json\/wp\/v2\/news\/96393"},{"href":"https:\/\/www.hamburg.empack-messen.de\/de\/wp-json\/wp\/v2\/news\/96307"},{"href":"https:\/\/www.hamburg.empack-messen.de\/de\/wp-json\/wp\/v2\/news\/96292"},{"href":"https:\/\/www.hamburg.empack-messen.de\/de\/wp-json\/wp\/v2\/news\/96281"},{"href":"https:\/\/www.hamburg.empack-messen.de\/de\/wp-json\/wp\/v2\/news\/96258"},{"href":"https:\/\/www.hamburg.empack-messen.de\/de\/wp-json\/wp\/v2\/news\/96246"}],"_jobs":[],"_links":{"self":[{"href":"https:\/\/www.hamburg.empack-messen.de\/de\/wp-json\/wp\/v2\/exhibitor\/64436","targetHints":{"allow":["GET"]}}],"collection":[{"href":"https:\/\/www.hamburg.empack-messen.de\/de\/wp-json\/wp\/v2\/exhibitor"}],"about":[{"href":"https:\/\/www.hamburg.empack-messen.de\/de\/wp-json\/wp\/v2\/types\/exhibitor"}],"version-history":[{"count":5,"href":"https:\/\/www.hamburg.empack-messen.de\/de\/wp-json\/wp\/v2\/exhibitor\/64436\/revisions"}],"predecessor-version":[{"id":96416,"href":"https:\/\/www.hamburg.empack-messen.de\/de\/wp-json\/wp\/v2\/exhibitor\/64436\/revisions\/96416"}],"wp:attachment":[{"href":"https:\/\/www.hamburg.empack-messen.de\/de\/wp-json\/wp\/v2\/media?parent=64436"}],"wp:term":[{"taxonomy":"edition","embeddable":true,"href":"https:\/\/www.hamburg.empack-messen.de\/de\/wp-json\/wp\/v2\/edition?post=64436"},{"taxonomy":"country","embeddable":true,"href":"https:\/\/www.hamburg.empack-messen.de\/de\/wp-json\/wp\/v2\/country?post=64436"},{"taxonomy":"exhibitor-category","embeddable":true,"href":"https:\/\/www.hamburg.empack-messen.de\/de\/wp-json\/wp\/v2\/exhibitor-category?post=64436"}],"curies":[{"name":"wp","href":"https:\/\/api.w.org\/{rel}","templated":true}]}}