{"id":65430,"date":"2024-11-28T16:31:10","date_gmt":"2024-11-28T15:31:10","guid":{"rendered":"https:\/\/www.hamburg.empack-messen.de\/exhibitor\/euchner-gmbh-co-kg\/"},"modified":"2025-05-28T12:53:48","modified_gmt":"2025-05-28T10:53:48","slug":"euchner-gmbh-co-kg","status":"publish","type":"exhibitor","link":"https:\/\/www.hamburg.empack-messen.de\/de\/exhibitor\/euchner-gmbh-co-kg\/","title":{"rendered":"EUCHNER GmbH + Co. KG"},"content":{"rendered":"<p>Die EUCHNER GmbH + Co. KG in Leinfelden ist ein international t\u00e4tiges Familienunternehmen mit weltweit \u00fcber 900 Mitarbeitern. 44 Tochtergesellschaften und Handelspartner verteilen sich rund um den Globus. Gesch\u00e4ftsf\u00fchrender Gesellschafter des schw\u00e4bischen Unternehmens ist Stefan Euchner. Seit mehr als 70 Jahren werden bei EUCHNER Schaltger\u00e4te entwickelt. Diese finden ihren Einsatz haupts\u00e4chlich im Maschinenbau. Eine Spitzenstellung nimmt das Unternehmen im Bereich der Sicherheitstechnik ein. EUCHNER Sicherheitsschalter \u00fcberwachen elektromechanisch und elektronisch zuverl\u00e4ssig die Stellung von Schutzt\u00fcren von Maschinen und Anlagen.<\/p>\n","protected":false},"excerpt":{"rendered":"<p>Die EUCHNER GmbH + Co. KG in Leinfelden ist ein international t\u00e4tiges Familienunternehmen mit weltweit \u00fcber 900 Mitarbeitern. 44 Tochtergesellschaften und Handelspartner verteilen sich rund um den Globus. Gesch\u00e4ftsf\u00fchrender Gesellschafter des schw\u00e4bischen Unternehmens ist Stefan Euchner. Seit mehr als 70 Jahren werden bei EUCHNER Schaltger\u00e4te entwickelt. Diese finden ihren Einsatz haupts\u00e4chlich im Maschinenbau. Eine Spitzenstellung [&hellip;]<\/p>\n","protected":false},"featured_media":91232,"template":"","meta":{"_seopress_robots_primary_cat":"","_seopress_titles_title":"","_seopress_titles_desc":"","_seopress_robots_index":"","_api_id":"177385","_stand_number":"325","_partner_id":"1oto00wevl1vr","_package_code":"00-EASY-EASYGO3-300","_website":"https:\/\/www.euchner.de","_email":"info@euchner.de","_facebook":"","_linkedin":"https:\/\/www.linkedin.com\/company\/euchner-gmbh-co-kg","_twitter":"","_instagram":"","_zipcode":"70771","_town":"Leinfelden-Echterdingen","_video_banner":"","_floorplan_url":"","footnotes":""},"edition":[475],"country":[93],"exhibitor-category":[570,530,546,540,568],"class_list":["post-65430","exhibitor","type-exhibitor","status-publish","has-post-thumbnail","hentry","edition-all-about-automation-hamburg-2025","country-de","exhibitor-category-engineering-systemintegration-anlagenbau","exhibitor-category-industrielle-kommunikation","exhibitor-category-sensorik-mess-und-regeltechnik","exhibitor-category-sichere-automation-safety","exhibitor-category-sichere-automation-security","feature--stand-has-video-header","feature--stand-has-logo-shown"],"_logo":67578,"_cover_image":null,"_thumbnail_id":91232,"_products":[{"href":"https:\/\/www.hamburg.empack-messen.de\/de\/wp-json\/wp\/v2\/products\/91167"},{"href":"https:\/\/www.hamburg.empack-messen.de\/de\/wp-json\/wp\/v2\/products\/91163"},{"href":"https:\/\/www.hamburg.empack-messen.de\/de\/wp-json\/wp\/v2\/products\/91161"},{"href":"https:\/\/www.hamburg.empack-messen.de\/de\/wp-json\/wp\/v2\/products\/91159"},{"href":"https:\/\/www.hamburg.empack-messen.de\/de\/wp-json\/wp\/v2\/products\/91157"},{"href":"https:\/\/www.hamburg.empack-messen.de\/de\/wp-json\/wp\/v2\/products\/91155"}],"_news":[{"href":"https:\/\/www.hamburg.empack-messen.de\/de\/wp-json\/wp\/v2\/news\/95249"},{"href":"https:\/\/www.hamburg.empack-messen.de\/de\/wp-json\/wp\/v2\/news\/95247"},{"href":"https:\/\/www.hamburg.empack-messen.de\/de\/wp-json\/wp\/v2\/news\/95245"}],"_jobs":[],"_links":{"self":[{"href":"https:\/\/www.hamburg.empack-messen.de\/de\/wp-json\/wp\/v2\/exhibitor\/65430","targetHints":{"allow":["GET"]}}],"collection":[{"href":"https:\/\/www.hamburg.empack-messen.de\/de\/wp-json\/wp\/v2\/exhibitor"}],"about":[{"href":"https:\/\/www.hamburg.empack-messen.de\/de\/wp-json\/wp\/v2\/types\/exhibitor"}],"version-history":[{"count":2,"href":"https:\/\/www.hamburg.empack-messen.de\/de\/wp-json\/wp\/v2\/exhibitor\/65430\/revisions"}],"predecessor-version":[{"id":96377,"href":"https:\/\/www.hamburg.empack-messen.de\/de\/wp-json\/wp\/v2\/exhibitor\/65430\/revisions\/96377"}],"wp:featuredmedia":[{"embeddable":true,"href":"https:\/\/www.hamburg.empack-messen.de\/de\/wp-json\/wp\/v2\/media\/91232"}],"wp:attachment":[{"href":"https:\/\/www.hamburg.empack-messen.de\/de\/wp-json\/wp\/v2\/media?parent=65430"}],"wp:term":[{"taxonomy":"edition","embeddable":true,"href":"https:\/\/www.hamburg.empack-messen.de\/de\/wp-json\/wp\/v2\/edition?post=65430"},{"taxonomy":"country","embeddable":true,"href":"https:\/\/www.hamburg.empack-messen.de\/de\/wp-json\/wp\/v2\/country?post=65430"},{"taxonomy":"exhibitor-category","embeddable":true,"href":"https:\/\/www.hamburg.empack-messen.de\/de\/wp-json\/wp\/v2\/exhibitor-category?post=65430"}],"curies":[{"name":"wp","href":"https:\/\/api.w.org\/{rel}","templated":true}]}}