{"id":64440,"date":"2024-11-28T16:20:50","date_gmt":"2024-11-28T15:20:50","guid":{"rendered":"https:\/\/www.hamburg.empack-messen.de\/products\/safeflex-voll-und-wellpappe\/"},"modified":"2026-01-13T08:13:41","modified_gmt":"2026-01-13T07:13:41","slug":"safeflex-voll-und-wellpappe","status":"publish","type":"products","link":"https:\/\/www.hamburg.empack-messen.de\/de\/products\/safeflex-voll-und-wellpappe\/","title":{"rendered":"SafeFlex\u00ae Voll- und Wellpappe"},"content":{"rendered":"<p>Unsere SafeFlex\u00ae Voll- und Wellpappen bieten verschiedenste M\u00f6glichkeiten eine Verpackung individuell f\u00fcr Ihre Produkte herzustellen. Ob Steckgefache, Rahmengefache, Faltschachteln oder Zwischenlagen und Zuschnitte. Bei uns bekommen Sie eine Ma\u00dfgeschneiderte und nachhaltige L\u00f6sung.<br \/>\nDurch den Transport Ihrer Produkte ergeben sich Einwirkungen durch Vibrationen, St\u00f6\u00dfe und diverse andere Beanspruchungen. Wir haben die geeignete Verpackung zum Schutz Ihrer Ware bei Transport und Lagerung.<br \/>\nAuch f\u00fcr verschiedenste Wettereinfl\u00fcsse brauchen Sie eine gute Verpackung.<br \/>\nUnd die kommt von uns!<\/p>\n","protected":false},"excerpt":{"rendered":"<p>Unsere SafeFlex\u00ae Voll- und Wellpappen bieten verschiedenste M\u00f6glichkeiten eine Verpackung individuell f\u00fcr Ihre Produkte herzustellen. Ob Steckgefache, Rahmengefache, Faltschachteln oder Zwischenlagen und Zuschnitte. Bei uns bekommen Sie eine Ma\u00dfgeschneiderte und nachhaltige L\u00f6sung. Durch den Transport Ihrer Produkte ergeben sich Einwirkungen durch Vibrationen, St\u00f6\u00dfe und diverse andere Beanspruchungen. Wir haben die geeignete Verpackung zum Schutz Ihrer [&hellip;]<\/p>\n","protected":false},"featured_media":55354,"template":"","meta":{"_seopress_robots_primary_cat":"","_seopress_titles_title":"","_seopress_titles_desc":"","_seopress_robots_index":"","_api_id":"191279","_exhibitors":["64438"],"footnotes":""},"tags":[],"edition":[473],"product-category":[],"class_list":["post-64440","products","type-products","status-publish","has-post-thumbnail","hentry","edition-empack-hamburg-2025"],"_links":{"self":[{"href":"https:\/\/www.hamburg.empack-messen.de\/de\/wp-json\/wp\/v2\/products\/64440","targetHints":{"allow":["GET"]}}],"collection":[{"href":"https:\/\/www.hamburg.empack-messen.de\/de\/wp-json\/wp\/v2\/products"}],"about":[{"href":"https:\/\/www.hamburg.empack-messen.de\/de\/wp-json\/wp\/v2\/types\/products"}],"version-history":[{"count":1,"href":"https:\/\/www.hamburg.empack-messen.de\/de\/wp-json\/wp\/v2\/products\/64440\/revisions"}],"predecessor-version":[{"id":80582,"href":"https:\/\/www.hamburg.empack-messen.de\/de\/wp-json\/wp\/v2\/products\/64440\/revisions\/80582"}],"wp:featuredmedia":[{"embeddable":true,"href":"https:\/\/www.hamburg.empack-messen.de\/de\/wp-json\/wp\/v2\/media\/55354"}],"wp:attachment":[{"href":"https:\/\/www.hamburg.empack-messen.de\/de\/wp-json\/wp\/v2\/media?parent=64440"}],"wp:term":[{"taxonomy":"post_tag","embeddable":true,"href":"https:\/\/www.hamburg.empack-messen.de\/de\/wp-json\/wp\/v2\/tags?post=64440"},{"taxonomy":"edition","embeddable":true,"href":"https:\/\/www.hamburg.empack-messen.de\/de\/wp-json\/wp\/v2\/edition?post=64440"},{"taxonomy":"product-category","embeddable":true,"href":"https:\/\/www.hamburg.empack-messen.de\/de\/wp-json\/wp\/v2\/product-category?post=64440"}],"curies":[{"name":"wp","href":"https:\/\/api.w.org\/{rel}","templated":true}]}}