{"id":64670,"date":"2025-04-23T12:26:24","date_gmt":"2025-04-23T10:26:24","guid":{"rendered":"https:\/\/www.hamburg.empack-messen.de\/?post_type=products&#038;p=64670"},"modified":"2026-03-20T12:39:07","modified_gmt":"2026-03-20T11:39:07","slug":"modula-slim","status":"publish","type":"products","link":"https:\/\/www.hamburg.empack-messen.de\/de\/products\/modula-slim\/","title":{"rendered":"Modula SLIM"},"content":{"rendered":"<p>Modula Slim \u2013 Kompakt. Effizient. Leistungsstark.<\/p>\n<p>Mit Modula Slim nutzen Sie auch kleinste Fl\u00e4chen optimal aus:<br \/>\nDas schlanke Vertikalliftsystem wurde speziell f\u00fcr beengte Lagerbereiche entwickelt und \u00fcberzeugt durch maximale Raumausnutzung bei minimalem Footprint.<br \/>\n\u2714 Platzsparendes Design \u2013 ideal f\u00fcr bestehende Lager<br \/>\n\u2714 Schneller Zugriff auf Artikel durch automatische Bereitstellung<br \/>\n\u2714 Ergonomisches Arbeiten f\u00fcr Ihre Mitarbeitenden<br \/>\n\u2714 Skalierbar und flexibel integrierbar in bestehende Prozesse<br \/>\n\u2714 H\u00f6here Effizienz und reduzierte Suchzeiten<br \/>\n\ud83d\udc49 Perfekt f\u00fcr alle, die mehr Leistung auf weniger Fl\u00e4che realisieren wollen.<\/p>\n","protected":false},"excerpt":{"rendered":"<p>Modula Slim \u2013 Kompakt. Effizient. Leistungsstark. Mit Modula Slim nutzen Sie auch kleinste Fl\u00e4chen optimal aus: Das schlanke Vertikalliftsystem wurde speziell f\u00fcr beengte Lagerbereiche entwickelt und \u00fcberzeugt durch maximale Raumausnutzung bei minimalem Footprint. \u2714 Platzsparendes Design \u2013 ideal f\u00fcr bestehende Lager \u2714 Schneller Zugriff auf Artikel durch automatische Bereitstellung \u2714 Ergonomisches Arbeiten f\u00fcr Ihre Mitarbeitenden [&hellip;]<\/p>\n","protected":false},"featured_media":65788,"template":"","meta":{"_seopress_robots_primary_cat":"","_seopress_titles_title":"","_seopress_titles_desc":"","_seopress_robots_index":"","_api_id":"109353","_exhibitors":["64668"],"footnotes":""},"tags":[],"edition":[474],"product-category":[],"class_list":["post-64670","products","type-products","status-publish","has-post-thumbnail","hentry","edition-logistics-automation-hamburg-2025"],"_links":{"self":[{"href":"https:\/\/www.hamburg.empack-messen.de\/de\/wp-json\/wp\/v2\/products\/64670","targetHints":{"allow":["GET"]}}],"collection":[{"href":"https:\/\/www.hamburg.empack-messen.de\/de\/wp-json\/wp\/v2\/products"}],"about":[{"href":"https:\/\/www.hamburg.empack-messen.de\/de\/wp-json\/wp\/v2\/types\/products"}],"version-history":[{"count":5,"href":"https:\/\/www.hamburg.empack-messen.de\/de\/wp-json\/wp\/v2\/products\/64670\/revisions"}],"predecessor-version":[{"id":102979,"href":"https:\/\/www.hamburg.empack-messen.de\/de\/wp-json\/wp\/v2\/products\/64670\/revisions\/102979"}],"wp:featuredmedia":[{"embeddable":true,"href":"https:\/\/www.hamburg.empack-messen.de\/de\/wp-json\/wp\/v2\/media\/65788"}],"wp:attachment":[{"href":"https:\/\/www.hamburg.empack-messen.de\/de\/wp-json\/wp\/v2\/media?parent=64670"}],"wp:term":[{"taxonomy":"post_tag","embeddable":true,"href":"https:\/\/www.hamburg.empack-messen.de\/de\/wp-json\/wp\/v2\/tags?post=64670"},{"taxonomy":"edition","embeddable":true,"href":"https:\/\/www.hamburg.empack-messen.de\/de\/wp-json\/wp\/v2\/edition?post=64670"},{"taxonomy":"product-category","embeddable":true,"href":"https:\/\/www.hamburg.empack-messen.de\/de\/wp-json\/wp\/v2\/product-category?post=64670"}],"curies":[{"name":"wp","href":"https:\/\/api.w.org\/{rel}","templated":true}]}}