{"id":70094,"date":"2024-11-29T10:50:52","date_gmt":"2024-11-29T09:50:52","guid":{"rendered":"https:\/\/www.hamburg.empack-messen.de\/products\/empack-hamburg\/"},"modified":"2025-01-27T19:51:34","modified_gmt":"2025-01-27T18:51:34","slug":"empack-hamburg","status":"publish","type":"products","link":"https:\/\/www.hamburg.empack-messen.de\/de\/products\/empack-hamburg\/","title":{"rendered":"EMPACK Hamburg"},"content":{"rendered":"<p>Die EMPACK positioniert sich als eine effiziente, zweit\u00e4gige Fachmesse, die insbesondere auf die Absatzm\u00e4rkte in NRW, Mitteldeutschland, Norddeutschland und teilweise BeNeLux abzielt. Der Fokus liegt auf der Qualit\u00e4t der Besucher, die s\u00e4mtliche Aspekte der Verpackungsindustrie vorgestellt bekommen \u2013 von Prim\u00e4r- und Sekund\u00e4rpackmitteln bis hin zu Verpackungs- und Abf\u00fclltechniken sowie automatisierten L\u00f6sungen.<\/p>\n<p>Die EMPACK ist keine gew\u00f6hnliche Imagemesse, sondern steht f\u00fcr Vielfalt, Business, L\u00f6sungen und Qualit\u00e4t auf einer pers\u00f6nlichen und stressfreien Ba<\/p>\n","protected":false},"excerpt":{"rendered":"<p>Die EMPACK positioniert sich als eine effiziente, zweit\u00e4gige Fachmesse, die insbesondere auf die Absatzm\u00e4rkte in NRW, Mitteldeutschland, Norddeutschland und teilweise BeNeLux abzielt. Der Fokus liegt auf der Qualit\u00e4t der Besucher, die s\u00e4mtliche Aspekte der Verpackungsindustrie vorgestellt bekommen \u2013 von Prim\u00e4r- und Sekund\u00e4rpackmitteln bis hin zu Verpackungs- und Abf\u00fclltechniken sowie automatisierten L\u00f6sungen. Die EMPACK ist keine [&hellip;]<\/p>\n","protected":false},"featured_media":45585,"template":"","meta":{"_seopress_robots_primary_cat":"","_seopress_titles_title":"","_seopress_titles_desc":"","_seopress_robots_index":"","_api_id":"125741","_exhibitors":["70092"],"footnotes":""},"tags":[],"edition":[473],"product-category":[],"class_list":["post-70094","products","type-products","status-publish","has-post-thumbnail","hentry","edition-empack-hamburg-2025"],"_links":{"self":[{"href":"https:\/\/www.hamburg.empack-messen.de\/de\/wp-json\/wp\/v2\/products\/70094","targetHints":{"allow":["GET"]}}],"collection":[{"href":"https:\/\/www.hamburg.empack-messen.de\/de\/wp-json\/wp\/v2\/products"}],"about":[{"href":"https:\/\/www.hamburg.empack-messen.de\/de\/wp-json\/wp\/v2\/types\/products"}],"version-history":[{"count":1,"href":"https:\/\/www.hamburg.empack-messen.de\/de\/wp-json\/wp\/v2\/products\/70094\/revisions"}],"predecessor-version":[{"id":70102,"href":"https:\/\/www.hamburg.empack-messen.de\/de\/wp-json\/wp\/v2\/products\/70094\/revisions\/70102"}],"wp:featuredmedia":[{"embeddable":true,"href":"https:\/\/www.hamburg.empack-messen.de\/de\/wp-json\/wp\/v2\/media\/45585"}],"wp:attachment":[{"href":"https:\/\/www.hamburg.empack-messen.de\/de\/wp-json\/wp\/v2\/media?parent=70094"}],"wp:term":[{"taxonomy":"post_tag","embeddable":true,"href":"https:\/\/www.hamburg.empack-messen.de\/de\/wp-json\/wp\/v2\/tags?post=70094"},{"taxonomy":"edition","embeddable":true,"href":"https:\/\/www.hamburg.empack-messen.de\/de\/wp-json\/wp\/v2\/edition?post=70094"},{"taxonomy":"product-category","embeddable":true,"href":"https:\/\/www.hamburg.empack-messen.de\/de\/wp-json\/wp\/v2\/product-category?post=70094"}],"curies":[{"name":"wp","href":"https:\/\/api.w.org\/{rel}","templated":true}]}}