{"id":81530,"date":"2025-01-31T08:52:57","date_gmt":"2025-01-31T07:52:57","guid":{"rendered":"https:\/\/www.hamburg.empack-messen.de\/products\/frequenzumrichter-i550-motec\/"},"modified":"2025-05-09T14:53:16","modified_gmt":"2025-05-09T12:53:16","slug":"frequenzumrichter-i550-motec","status":"publish","type":"products","link":"https:\/\/www.hamburg.empack-messen.de\/de\/products\/frequenzumrichter-i550-motec\/","title":{"rendered":"Frequenzumrichter i550 motec"},"content":{"rendered":"<p>Frequenzumrichter i550 motec<\/p>\n<p>Der Frequenzumrichter i550 motec im Leistungsbereich 0.37 &#8230; 45 kW f\u00fcr Motor- und Wandmontage in der Schutzart IP66 ist die optimale dezentrale Antriebsl\u00f6sung.<\/p>\n<p>Schnelle Montage und einfache Inbetriebnahme durch benutzerfreundliche Tools sowie Anschl\u00fcsse f\u00fcr markt\u00fcbliche Steckverbinder stehen im Fokus dieses Umrichters. Parameter, Antriebsverhalten und Gebrauchstauglichkeit entsprechen unseren bew\u00e4hrten Frequenzumrichtern. Abgerundet durch die hohe Energieeffizienz bieten wir so eine moderne und nachhaltige Antriebsl\u00f6sung.<\/p>\n<p>Die Anforderungen der \u00d6kodesign-Richtlinie, Norm EN 50598-2, werden erf\u00fcllt.<\/p>\n<p>Einsatzbereiche: F\u00f6rderantriebe, Fahrantriebe, Wickelantriebe, Hubantriebe, Extruder, Verpackungsmaschinen, Pumpen, L\u00fcfter, &#8230;<\/p>\n<p>Highlights<br \/>\n&#8211; Kompakte L\u00f6sung f\u00fcr dezentrale Antriebstechnik, wand- oder motormontiert<br \/>\n&#8211; Hohe Schutzart IP66 f\u00fcr universellen Einsatz auch in rauer Umgebung<br \/>\n&#8211; Schnelle Montage durch steckbare, standardisierte Anschl\u00fcsse (Plug &#038; Play)<br \/>\n&#8211; IO-Link-Masterfunktionalit\u00e4t f\u00fcr einfachen Datenaustausch zwischen IO-Link-Sensoren und -Aktoren<br \/>\n&#8211; R\u00fcckspeisebetrieb integriert f\u00fcr eine sehr hohe Energieeffizienz \u2013 ein Bremswiderstand ist nicht erforderlich<\/p>\n<p>Technische Daten und Eigenschaften<br \/>\n&#8211; Technische Daten<br \/>\n0.37 &#8230; 45 kW<br \/>\nAnschl\u00fcsse<br \/>\n3 AC 230 V<br \/>\n3 AC 400 V<br \/>\n3 AC 480 V<br \/>\n2x Digitaleingang<br \/>\n2x Digitaleingang\/Digitalausgang\/IO-Link-Port<br \/>\nHaltebremsenansteuerung<br \/>\nMotortemperatur\u00fcberwachung<br \/>\nUSB-C<\/p>\n<p>Kommunikation<br \/>\nEtherCAT<br \/>\nEtherNet\/IP<br \/>\nIO-Link<br \/>\nModbus TCP<br \/>\nPROFINET<\/p>\n","protected":false},"excerpt":{"rendered":"<p>Frequenzumrichter i550 motec Der Frequenzumrichter i550 motec im Leistungsbereich 0.37 &#8230; 45 kW f\u00fcr Motor- und Wandmontage in der Schutzart IP66 ist die optimale dezentrale Antriebsl\u00f6sung. Schnelle Montage und einfache Inbetriebnahme durch benutzerfreundliche Tools sowie Anschl\u00fcsse f\u00fcr markt\u00fcbliche Steckverbinder stehen im Fokus dieses Umrichters. Parameter, Antriebsverhalten und Gebrauchstauglichkeit entsprechen unseren bew\u00e4hrten Frequenzumrichtern. Abgerundet durch die [&hellip;]<\/p>\n","protected":false},"featured_media":81577,"template":"","meta":{"_seopress_robots_primary_cat":"","_seopress_titles_title":"","_seopress_titles_desc":"","_seopress_robots_index":"","_api_id":"228179","_exhibitors":["66018"],"footnotes":""},"tags":[],"edition":[475],"product-category":[],"class_list":["post-81530","products","type-products","status-publish","has-post-thumbnail","hentry","edition-all-about-automation-hamburg-2025"],"_links":{"self":[{"href":"https:\/\/www.hamburg.empack-messen.de\/de\/wp-json\/wp\/v2\/products\/81530","targetHints":{"allow":["GET"]}}],"collection":[{"href":"https:\/\/www.hamburg.empack-messen.de\/de\/wp-json\/wp\/v2\/products"}],"about":[{"href":"https:\/\/www.hamburg.empack-messen.de\/de\/wp-json\/wp\/v2\/types\/products"}],"version-history":[{"count":1,"href":"https:\/\/www.hamburg.empack-messen.de\/de\/wp-json\/wp\/v2\/products\/81530\/revisions"}],"predecessor-version":[{"id":81560,"href":"https:\/\/www.hamburg.empack-messen.de\/de\/wp-json\/wp\/v2\/products\/81530\/revisions\/81560"}],"wp:featuredmedia":[{"embeddable":true,"href":"https:\/\/www.hamburg.empack-messen.de\/de\/wp-json\/wp\/v2\/media\/81577"}],"wp:attachment":[{"href":"https:\/\/www.hamburg.empack-messen.de\/de\/wp-json\/wp\/v2\/media?parent=81530"}],"wp:term":[{"taxonomy":"post_tag","embeddable":true,"href":"https:\/\/www.hamburg.empack-messen.de\/de\/wp-json\/wp\/v2\/tags?post=81530"},{"taxonomy":"edition","embeddable":true,"href":"https:\/\/www.hamburg.empack-messen.de\/de\/wp-json\/wp\/v2\/edition?post=81530"},{"taxonomy":"product-category","embeddable":true,"href":"https:\/\/www.hamburg.empack-messen.de\/de\/wp-json\/wp\/v2\/product-category?post=81530"}],"curies":[{"name":"wp","href":"https:\/\/api.w.org\/{rel}","templated":true}]}}