{"id":83797,"date":"2025-02-14T11:40:04","date_gmt":"2025-02-14T10:40:04","guid":{"rendered":"https:\/\/www.hamburg.empack-messen.de\/products\/foba-m-serie\/"},"modified":"2025-05-09T15:20:24","modified_gmt":"2025-05-09T13:20:24","slug":"foba-m-serie","status":"publish","type":"products","link":"https:\/\/www.hamburg.empack-messen.de\/de\/products\/foba-m-serie\/","title":{"rendered":"FOBA M-Serie"},"content":{"rendered":"<p>Lasermarkierger\u00e4te mit Faserlaser und UV-Laser<\/p>\n<p>F\u00fcr den Stand-alone-Betrieb in Laserschutzklasse 1 bieten wir schl\u00fcsselfertige und passgenaue Laserbeschriftungsmaschinen als Handarbeitsplatz oder Sondermaschine. Unsere Laserbeschriftungsger\u00e4te k\u00f6nnen mit verschiedenen Laserquellen ausgestattet werden und erm\u00f6glichen damit die stets wirtschaftlichste und ideale Konfiguration f\u00fcr die jeweilige Anforderung.<\/p>\n<p>Diverse Beladungskonzepte sorgen f\u00fcr die optimale Einbindung in Produktionsumgebungen und Achssysteme k\u00f6nnen bed\u00fcrfnisgerecht ausgew\u00e4hlt werden. Optionen wie verschiedene Drehtellergr\u00f6\u00dfen, Dreheinheiten, Kamerasysteme und kundenspezifische Umsetzungen machen aus standardisierten Maschinen Kundenl\u00f6sungen nach Ma\u00df.<\/p>\n","protected":false},"excerpt":{"rendered":"<p>Lasermarkierger\u00e4te mit Faserlaser und UV-Laser F\u00fcr den Stand-alone-Betrieb in Laserschutzklasse 1 bieten wir schl\u00fcsselfertige und passgenaue Laserbeschriftungsmaschinen als Handarbeitsplatz oder Sondermaschine. Unsere Laserbeschriftungsger\u00e4te k\u00f6nnen mit verschiedenen Laserquellen ausgestattet werden und erm\u00f6glichen damit die stets wirtschaftlichste und ideale Konfiguration f\u00fcr die jeweilige Anforderung. Diverse Beladungskonzepte sorgen f\u00fcr die optimale Einbindung in Produktionsumgebungen und Achssysteme k\u00f6nnen bed\u00fcrfnisgerecht [&hellip;]<\/p>\n","protected":false},"featured_media":83813,"template":"","meta":{"_seopress_robots_primary_cat":"","_seopress_titles_title":"","_seopress_titles_desc":"","_seopress_robots_index":"","_api_id":"134099","_exhibitors":["65488"],"footnotes":""},"tags":[],"edition":[475],"product-category":[],"class_list":["post-83797","products","type-products","status-publish","has-post-thumbnail","hentry","edition-all-about-automation-hamburg-2025"],"_links":{"self":[{"href":"https:\/\/www.hamburg.empack-messen.de\/de\/wp-json\/wp\/v2\/products\/83797","targetHints":{"allow":["GET"]}}],"collection":[{"href":"https:\/\/www.hamburg.empack-messen.de\/de\/wp-json\/wp\/v2\/products"}],"about":[{"href":"https:\/\/www.hamburg.empack-messen.de\/de\/wp-json\/wp\/v2\/types\/products"}],"version-history":[{"count":1,"href":"https:\/\/www.hamburg.empack-messen.de\/de\/wp-json\/wp\/v2\/products\/83797\/revisions"}],"predecessor-version":[{"id":83805,"href":"https:\/\/www.hamburg.empack-messen.de\/de\/wp-json\/wp\/v2\/products\/83797\/revisions\/83805"}],"wp:featuredmedia":[{"embeddable":true,"href":"https:\/\/www.hamburg.empack-messen.de\/de\/wp-json\/wp\/v2\/media\/83813"}],"wp:attachment":[{"href":"https:\/\/www.hamburg.empack-messen.de\/de\/wp-json\/wp\/v2\/media?parent=83797"}],"wp:term":[{"taxonomy":"post_tag","embeddable":true,"href":"https:\/\/www.hamburg.empack-messen.de\/de\/wp-json\/wp\/v2\/tags?post=83797"},{"taxonomy":"edition","embeddable":true,"href":"https:\/\/www.hamburg.empack-messen.de\/de\/wp-json\/wp\/v2\/edition?post=83797"},{"taxonomy":"product-category","embeddable":true,"href":"https:\/\/www.hamburg.empack-messen.de\/de\/wp-json\/wp\/v2\/product-category?post=83797"}],"curies":[{"name":"wp","href":"https:\/\/api.w.org\/{rel}","templated":true}]}}