{"id":90601,"date":"2025-03-25T15:03:22","date_gmt":"2025-03-25T14:03:22","guid":{"rendered":"https:\/\/www.hamburg.empack-messen.de\/products\/contrax-forklift-agv\/"},"modified":"2025-05-09T14:58:40","modified_gmt":"2025-05-09T12:58:40","slug":"contrax-forklift-agv","status":"publish","type":"products","link":"https:\/\/www.hamburg.empack-messen.de\/de\/products\/contrax-forklift-agv\/","title":{"rendered":"ConTrax\u00ae Forklift AGV"},"content":{"rendered":"<p>Das ConTrax\u00ae Forklift FTF kombiniert maximale Wendigkeit mit minimalem Platzbedarf und erf\u00fcllt h\u00f6chste Anforderungen an Effizienz und Sicherheit. Es transportiert genormte Paletten, auch mit Bodenumrandung, und erm\u00f6glicht pr\u00e4zise \u00dcbergaben \u2013 selbst in engen Palettengassen. Dank omnidirektionalem Fahrwerk navigiert es in alle Richtungen. Die flexible Breitenverstellung sorgt f\u00fcr Kippstabilit\u00e4t bei hohen Hubh\u00f6hen, ohne Gegengewichte, und gew\u00e4hrleistet zuverl\u00e4ssigen Betrieb bei jedem Einsatz.<\/p>\n<p>Vorteile auf einen Blick<br \/>\n\u2022 Kompaktes Design \u2013 Mit einem Footprint von nur 830 x 2400 mm ideal f\u00fcr enge Palettengassen und platzsparende Logistik.<\/p>\n<p>\u2022 Variable Breitenverstellung \u2013 Automatische Anpassung f\u00fcr hohe Kippstabilit\u00e4t bei bis zu 3 m Hubh\u00f6he.<\/p>\n<p>\u2022 Innovatives Leichtbau-Design \u2013 Reduziertes Gesamtgewicht durch Horizontalhub und stabile Armeinheiten senkt den Energieverbrauch.<\/p>\n<p>\u2022 Hohe Traglast \u2013 Transportiert Lasten bis zu 1.500 kg und eignet sich f\u00fcr vielseitige Anwendungen.<\/p>\n<p>\u2022 Omnidirektionale Wendigkeit \u2013 Flexible Bewegung in jede Richtung f\u00fcr maximale Man\u00f6vrierf\u00e4higkeit und Sicherheit. Mit dieser Innovation bietet unser ConTrax\u00ae Forklift AGV eine durchdachte Kombination aus Flexibilit\u00e4t, Energieeffizienz und Stabilit\u00e4t \u2013 die ideale L\u00f6sung f\u00fcr moderne Logistikanforderungen.<\/p>\n<p>\u2022 Induktives Laden \u2013 erm\u00f6glicht einen 24\/7 Betrieb<\/p>\n","protected":false},"excerpt":{"rendered":"<p>Das ConTrax\u00ae Forklift FTF kombiniert maximale Wendigkeit mit minimalem Platzbedarf und erf\u00fcllt h\u00f6chste Anforderungen an Effizienz und Sicherheit. Es transportiert genormte Paletten, auch mit Bodenumrandung, und erm\u00f6glicht pr\u00e4zise \u00dcbergaben \u2013 selbst in engen Palettengassen. Dank omnidirektionalem Fahrwerk navigiert es in alle Richtungen. Die flexible Breitenverstellung sorgt f\u00fcr Kippstabilit\u00e4t bei hohen Hubh\u00f6hen, ohne Gegengewichte, und gew\u00e4hrleistet [&hellip;]<\/p>\n","protected":false},"featured_media":90603,"template":"","meta":{"_seopress_robots_primary_cat":"","_seopress_titles_title":"","_seopress_titles_desc":"","_seopress_robots_index":"","_api_id":"268040","_exhibitors":["64984"],"footnotes":""},"tags":[],"edition":[475],"product-category":[461],"class_list":["post-90601","products","type-products","status-publish","has-post-thumbnail","hentry","edition-all-about-automation-hamburg-2025","product-category-innovationsgalerie"],"_links":{"self":[{"href":"https:\/\/www.hamburg.empack-messen.de\/de\/wp-json\/wp\/v2\/products\/90601","targetHints":{"allow":["GET"]}}],"collection":[{"href":"https:\/\/www.hamburg.empack-messen.de\/de\/wp-json\/wp\/v2\/products"}],"about":[{"href":"https:\/\/www.hamburg.empack-messen.de\/de\/wp-json\/wp\/v2\/types\/products"}],"version-history":[{"count":1,"href":"https:\/\/www.hamburg.empack-messen.de\/de\/wp-json\/wp\/v2\/products\/90601\/revisions"}],"predecessor-version":[{"id":90605,"href":"https:\/\/www.hamburg.empack-messen.de\/de\/wp-json\/wp\/v2\/products\/90601\/revisions\/90605"}],"wp:featuredmedia":[{"embeddable":true,"href":"https:\/\/www.hamburg.empack-messen.de\/de\/wp-json\/wp\/v2\/media\/90603"}],"wp:attachment":[{"href":"https:\/\/www.hamburg.empack-messen.de\/de\/wp-json\/wp\/v2\/media?parent=90601"}],"wp:term":[{"taxonomy":"post_tag","embeddable":true,"href":"https:\/\/www.hamburg.empack-messen.de\/de\/wp-json\/wp\/v2\/tags?post=90601"},{"taxonomy":"edition","embeddable":true,"href":"https:\/\/www.hamburg.empack-messen.de\/de\/wp-json\/wp\/v2\/edition?post=90601"},{"taxonomy":"product-category","embeddable":true,"href":"https:\/\/www.hamburg.empack-messen.de\/de\/wp-json\/wp\/v2\/product-category?post=90601"}],"curies":[{"name":"wp","href":"https:\/\/api.w.org\/{rel}","templated":true}]}}