{"id":92100,"date":"2025-04-02T09:51:24","date_gmt":"2025-04-02T07:51:24","guid":{"rendered":"https:\/\/www.hamburg.empack-messen.de\/products\/kartons-umweltfreundlich-verpacken\/"},"modified":"2025-04-28T11:08:18","modified_gmt":"2025-04-28T09:08:18","slug":"kartons-umweltfreundlich-verpacken","status":"publish","type":"products","link":"https:\/\/www.hamburg.empack-messen.de\/de\/products\/kartons-umweltfreundlich-verpacken\/","title":{"rendered":"Kartons &#8211; umweltfreundlich verpacken"},"content":{"rendered":"<p>Profitieren Sie von der Vielfalt an preiswerten Kartons bei Schramm Verpackung! Unsere umweltfreundlichen Faltschachteln aus Wellpappe und Graukarton sind ideal f\u00fcr Lagerung, Versand und Pr\u00e4sentation. Stabil, leicht, g\u00fcnstig und anpassbar \u2013 unsere hochwertigen Kartonagen sorgen daf\u00fcr, dass Ihre Versandware immer einwandfrei bei Ihren Kunden ankommt. Mit einem vorproduzierten Bestand oder ma\u00dfgefertigten Kartons sind wir bestens ausgestattet. \u00dcberzeugen Sie sich von der erstklassigen Qualit\u00e4t und vertrauen Sie auf Schramm Verpackung f\u00fcr makellose Versendungen.<\/p>\n","protected":false},"excerpt":{"rendered":"<p>Profitieren Sie von der Vielfalt an preiswerten Kartons bei Schramm Verpackung! Unsere umweltfreundlichen Faltschachteln aus Wellpappe und Graukarton sind ideal f\u00fcr Lagerung, Versand und Pr\u00e4sentation. Stabil, leicht, g\u00fcnstig und anpassbar \u2013 unsere hochwertigen Kartonagen sorgen daf\u00fcr, dass Ihre Versandware immer einwandfrei bei Ihren Kunden ankommt. Mit einem vorproduzierten Bestand oder ma\u00dfgefertigten Kartons sind wir bestens [&hellip;]<\/p>\n","protected":false},"featured_media":92132,"template":"","meta":{"_seopress_robots_primary_cat":"","_seopress_titles_title":"","_seopress_titles_desc":"","_seopress_robots_index":"","_api_id":"266362","_exhibitors":["73543"],"footnotes":""},"tags":[],"edition":[473],"product-category":[],"class_list":["post-92100","products","type-products","status-publish","has-post-thumbnail","hentry","edition-empack-hamburg-2025"],"_links":{"self":[{"href":"https:\/\/www.hamburg.empack-messen.de\/de\/wp-json\/wp\/v2\/products\/92100","targetHints":{"allow":["GET"]}}],"collection":[{"href":"https:\/\/www.hamburg.empack-messen.de\/de\/wp-json\/wp\/v2\/products"}],"about":[{"href":"https:\/\/www.hamburg.empack-messen.de\/de\/wp-json\/wp\/v2\/types\/products"}],"version-history":[{"count":1,"href":"https:\/\/www.hamburg.empack-messen.de\/de\/wp-json\/wp\/v2\/products\/92100\/revisions"}],"predecessor-version":[{"id":95855,"href":"https:\/\/www.hamburg.empack-messen.de\/de\/wp-json\/wp\/v2\/products\/92100\/revisions\/95855"}],"wp:featuredmedia":[{"embeddable":true,"href":"https:\/\/www.hamburg.empack-messen.de\/de\/wp-json\/wp\/v2\/media\/92132"}],"wp:attachment":[{"href":"https:\/\/www.hamburg.empack-messen.de\/de\/wp-json\/wp\/v2\/media?parent=92100"}],"wp:term":[{"taxonomy":"post_tag","embeddable":true,"href":"https:\/\/www.hamburg.empack-messen.de\/de\/wp-json\/wp\/v2\/tags?post=92100"},{"taxonomy":"edition","embeddable":true,"href":"https:\/\/www.hamburg.empack-messen.de\/de\/wp-json\/wp\/v2\/edition?post=92100"},{"taxonomy":"product-category","embeddable":true,"href":"https:\/\/www.hamburg.empack-messen.de\/de\/wp-json\/wp\/v2\/product-category?post=92100"}],"curies":[{"name":"wp","href":"https:\/\/api.w.org\/{rel}","templated":true}]}}