{"id":93899,"date":"2025-04-09T11:44:21","date_gmt":"2025-04-09T09:44:21","guid":{"rendered":"https:\/\/www.hamburg.empack-messen.de\/products\/ladecontainer-fuer-e-mikromobilitaet-eine-smarte-loesung-fuer-ihre-akkus\/"},"modified":"2025-05-20T11:43:20","modified_gmt":"2025-05-20T09:43:20","slug":"ladecontainer-fuer-e-mikromobilitaet-eine-smarte-loesung-fuer-ihre-akkus","status":"publish","type":"products","link":"https:\/\/www.hamburg.empack-messen.de\/de\/products\/ladecontainer-fuer-e-mikromobilitaet-eine-smarte-loesung-fuer-ihre-akkus\/","title":{"rendered":"Ladecontainer f\u00fcr E-Mikromobilit\u00e4t \u2013 eine smarte L\u00f6sung f\u00fcr Ihre Akkus"},"content":{"rendered":"<p>Im intelligenten Ladecontainer findet jedes kundenseitige Ladeger\u00e4t \u00fcber Schutzkontaktsteckdosen Anschluss \u2013 bis zu 150 Akkus gleichzeitig. Das Display zeigt den aktuellen Status der Akkumulatoren, das Lademanagement erkennt Defekte. Die brandsicheren Container d\u00fcrfen ohne Genehmigung \u00fcberall aufgestellt werden. Dank der vorinstallierten Software, IoT-Anbindung und Vernetzung l\u00e4sst sich der Energiebezug gezielt steuern. Um Lastspitzen zu vermeiden, wird durch das Lademanagement daf\u00fcr gesorgt, dass immer nur eine auf die Anschlussleistung des Containers abgestimmte optimale Anzahl an Akkus geladen wird. Es erkennt fr\u00fchzeitig Abweichungen zum Normalzustand und schaltet automatisch betroffene Teilsysteme sicher ab. So wird das Risiko gef\u00e4hrlicher Zust\u00e4nde um ein Vielfaches reduziert.<\/p>\n<p>Der Ladecontainer in K\u00fcrze<br \/>\n\u2022\tLadekapazit\u00e4t von bis zu 150 Akkus gleichzeitig<br \/>\n\u2022\tGenehmigungsfreie Aufstellung<br \/>\n\u2022\tFeuerfest und alarmgesichert, inklusive Panikschloss<br \/>\n\u2022\tAktive Bel\u00fcftung des Containers und Klimatisierung<br \/>\n\u2022\tIntelligentes Lademanagement mit automatischer Fehlererkennung und Reduzierung von Lastpeaks<br \/>\n\u2022\tIntuitive Software mit mobiler Daten\u00fcbertragung und Anschluss ans Backend<\/p>\n<p>Ihre Vorteile<br \/>\n\u2022\tMobilit\u00e4t des Containers macht Sie beim Laden Ihrer Akkus flexibel<br \/>\n\u2022\tSparen Sie Zeit und Geld &#8211; kein Einholen von teuren und langwidrigen Genehmigungen<br \/>\n\u2022\tIntelligentes Lademanagement minimiert Lastpeaks und senkt die Kosten f\u00fcr Netzanschluss und Strombezug<br \/>\n\u2022\tZertifiziertes Sicherheitskonzept reduziert die Gefahr von Batteriebr\u00e4nden<br \/>\n\u2022\tGarantierte Transparenz dank automatischer Fehlererkennung und \u00dcbermittlung von Servicemeldungen auf Ihr mobiles Ger\u00e4t<\/p>\n","protected":false},"excerpt":{"rendered":"<p>Im intelligenten Ladecontainer findet jedes kundenseitige Ladeger\u00e4t \u00fcber Schutzkontaktsteckdosen Anschluss \u2013 bis zu 150 Akkus gleichzeitig. Das Display zeigt den aktuellen Status der Akkumulatoren, das Lademanagement erkennt Defekte. Die brandsicheren Container d\u00fcrfen ohne Genehmigung \u00fcberall aufgestellt werden. Dank der vorinstallierten Software, IoT-Anbindung und Vernetzung l\u00e4sst sich der Energiebezug gezielt steuern. Um Lastspitzen zu vermeiden, wird [&hellip;]<\/p>\n","protected":false},"featured_media":0,"template":"","meta":{"_seopress_robots_primary_cat":"","_seopress_titles_title":"","_seopress_titles_desc":"","_seopress_robots_index":"","_api_id":"128661","_exhibitors":["65168"],"footnotes":""},"tags":[],"edition":[475],"product-category":[],"class_list":["post-93899","products","type-products","status-publish","hentry","edition-all-about-automation-hamburg-2025"],"_links":{"self":[{"href":"https:\/\/www.hamburg.empack-messen.de\/de\/wp-json\/wp\/v2\/products\/93899","targetHints":{"allow":["GET"]}}],"collection":[{"href":"https:\/\/www.hamburg.empack-messen.de\/de\/wp-json\/wp\/v2\/products"}],"about":[{"href":"https:\/\/www.hamburg.empack-messen.de\/de\/wp-json\/wp\/v2\/types\/products"}],"version-history":[{"count":1,"href":"https:\/\/www.hamburg.empack-messen.de\/de\/wp-json\/wp\/v2\/products\/93899\/revisions"}],"predecessor-version":[{"id":93903,"href":"https:\/\/www.hamburg.empack-messen.de\/de\/wp-json\/wp\/v2\/products\/93899\/revisions\/93903"}],"wp:attachment":[{"href":"https:\/\/www.hamburg.empack-messen.de\/de\/wp-json\/wp\/v2\/media?parent=93899"}],"wp:term":[{"taxonomy":"post_tag","embeddable":true,"href":"https:\/\/www.hamburg.empack-messen.de\/de\/wp-json\/wp\/v2\/tags?post=93899"},{"taxonomy":"edition","embeddable":true,"href":"https:\/\/www.hamburg.empack-messen.de\/de\/wp-json\/wp\/v2\/edition?post=93899"},{"taxonomy":"product-category","embeddable":true,"href":"https:\/\/www.hamburg.empack-messen.de\/de\/wp-json\/wp\/v2\/product-category?post=93899"}],"curies":[{"name":"wp","href":"https:\/\/api.w.org\/{rel}","templated":true}]}}